{"id":23506,"date":"2026-09-03T18:28:10","date_gmt":"2026-09-03T21:28:10","guid":{"rendered":"https:\/\/ventadelibros.com.ar\/?product=orilla-donde-tiemblo-la"},"modified":"2026-09-03T18:28:13","modified_gmt":"2026-09-03T21:28:13","slug":"orilla-donde-tiemblo-la","status":"publish","type":"product","link":"https:\/\/ventadelibros.com.ar\/?product=orilla-donde-tiemblo-la","title":{"rendered":"ORILLA DONDE TIEMBLO, LA"},"content":{"rendered":"<p>Un hijo en la median\u00eda de edad cuida a su padre ag\u00f3nico. Los d\u00edas pasan entre la angustia, las rememoraciones, las asociaciones, los descubrimientos. Y en medio del delirio, el padre le habla de otra familia, de una tragedia, de una zona muda que defini\u00f3 su vida y que decidi\u00f3 esconder. El hijo entiende que nunca conocemos a nuestros padres por completo.  \u00abMe dijeron que para un padre hac\u00edan falta dos ata\u00fades. Uno para \u00e9l. El otro para los aullidos de incomprensi\u00f3n. Me dijeron que para meterlo deb\u00edan antes sacarle la lengua, llenarle la boca con semillas de amapola y menta. Era mejor que un padre no hablara despu\u00e9s de muerto\u00bb.  Tom Maver teje un relato conmovedor y lleno de recovecos que logra al mismo tiempo divertirnos y paralizarnos. La orilla donde tiemblo es una historia tan delicada como punzante, as\u00ed como el r\u00edo en el que convocamos a nuestros fantasmas y les preguntamos por nuestros vac\u00edos, miedos y sospechas. Una novela inolvidable para acercarse a los enigmas del amor paterno y al respectivo desconcierto de los hijos.<\/p>\n","protected":false},"excerpt":{"rendered":"<p>Un hijo en la median\u00eda de edad cuida a su padre ag\u00f3nico. Los d\u00edas pasan entre la angustia, las rememoraciones, las asociaciones, los descubrimientos. Y en medio del delirio, el padre le habla de otra familia, de una tragedia, de una zona muda que defini\u00f3 su vida y que decidi\u00f3 esconder. El hijo entiende que&#8230;<\/p>\n","protected":false},"featured_media":23507,"template":"","meta":{"_acf_changed":false,"_themeisle_gutenberg_block_has_review":false,"_kadence_starter_templates_imported_post":false,"_kad_post_transparent":"","_kad_post_title":"","_kad_post_layout":"","_kad_post_sidebar_id":"","_kad_post_content_style":"","_kad_post_vertical_padding":"","_kad_post_feature":"","_kad_post_feature_position":"","_kad_post_header":false,"_kad_post_footer":false,"_kad_post_classname":""},"product_brand":[],"product_cat":[7413,7415],"product_tag":[7897],"class_list":["post-23506","product","type-product","status-publish","has-post-thumbnail","product_cat-ficcion","product_cat-novelas","product_tag-novelas","pa_autor-maver-tom","pa_editorial-la-pollera-ediciones","pa_idioma-espanol","first","instock","purchasable","product-type-simple","entry","content-bg","loop-entry"],"acf":[],"_links":{"self":[{"href":"https:\/\/ventadelibros.com.ar\/index.php?rest_route=\/wp\/v2\/product\/23506","targetHints":{"allow":["GET"]}}],"collection":[{"href":"https:\/\/ventadelibros.com.ar\/index.php?rest_route=\/wp\/v2\/product"}],"about":[{"href":"https:\/\/ventadelibros.com.ar\/index.php?rest_route=\/wp\/v2\/types\/product"}],"wp:featuredmedia":[{"embeddable":true,"href":"https:\/\/ventadelibros.com.ar\/index.php?rest_route=\/wp\/v2\/media\/23507"}],"wp:attachment":[{"href":"https:\/\/ventadelibros.com.ar\/index.php?rest_route=%2Fwp%2Fv2%2Fmedia&parent=23506"}],"wp:term":[{"taxonomy":"product_brand","embeddable":true,"href":"https:\/\/ventadelibros.com.ar\/index.php?rest_route=%2Fwp%2Fv2%2Fproduct_brand&post=23506"},{"taxonomy":"product_cat","embeddable":true,"href":"https:\/\/ventadelibros.com.ar\/index.php?rest_route=%2Fwp%2Fv2%2Fproduct_cat&post=23506"},{"taxonomy":"product_tag","embeddable":true,"href":"https:\/\/ventadelibros.com.ar\/index.php?rest_route=%2Fwp%2Fv2%2Fproduct_tag&post=23506"}],"curies":[{"name":"wp","href":"https:\/\/api.w.org\/{rel}","templated":true}]}}