{"id":23436,"date":"2026-09-03T18:17:15","date_gmt":"2026-09-03T21:17:15","guid":{"rendered":"https:\/\/ventadelibros.com.ar\/?product=espiritu-de-occidente-el"},"modified":"2026-09-03T18:17:18","modified_gmt":"2026-09-03T21:17:18","slug":"espiritu-de-occidente-el","status":"publish","type":"product","link":"https:\/\/ventadelibros.com.ar\/?product=espiritu-de-occidente-el","title":{"rendered":"ESPIRITU DE OCCIDENTE, EL"},"content":{"rendered":"<p>Federico Pinedo lleva adelante una profunda reflexi\u00f3n sobre el estado del mundo contempor\u00e1neo. A partir de una mirada cr\u00edtica tanto con el individualismo hedonista de la ideolog\u00eda del goce como con el autoritarismo abusivo de la ideolog\u00eda de la confrontaci\u00f3n, recorre el camino que se interroga, desde un punto de vista \u00e9tico, por otras ideolog\u00edas posibles, como, por ejemplo, la ideolog\u00eda del respeto y la responsabilidad personal y la de la b\u00fasqueda de cooperaci\u00f3n y construcci\u00f3n social. Se trata de un pensamiento de la convivencia humana en lugar de uno de la confrontaci\u00f3n y la destrucci\u00f3n. De Foucault a Heiddeger, pasando por muchos otros intelectuales, Pinedo recorre el arco del pensamiento que marc\u00f3 el siglo XX y marca a\u00fan el siglo XXI, en un texto tan erudito como ameno. Las preguntas por la vida, por la \u00e9tica, por la familia, por lo colectivo, por lo moral, por el poder, por el autoritarismo, y, por supuesto, por el goce y la contradicci\u00f3n son planteadas -y respondidas- con un tono que a\u00fana solidez y un gran estilo de escritura.<\/p>\n","protected":false},"excerpt":{"rendered":"<p>Federico Pinedo lleva adelante una profunda reflexi\u00f3n sobre el estado del mundo contempor\u00e1neo. A partir de una mirada cr\u00edtica tanto con el individualismo hedonista de la ideolog\u00eda del goce como con el autoritarismo abusivo de la ideolog\u00eda de la confrontaci\u00f3n, recorre el camino que se interroga, desde un punto de vista \u00e9tico, por otras ideolog\u00edas&#8230;<\/p>\n","protected":false},"featured_media":23437,"template":"","meta":{"_acf_changed":false,"_themeisle_gutenberg_block_has_review":false,"_kadence_starter_templates_imported_post":false,"_kad_post_transparent":"","_kad_post_title":"","_kad_post_layout":"","_kad_post_sidebar_id":"","_kad_post_content_style":"","_kad_post_vertical_padding":"","_kad_post_feature":"","_kad_post_feature_position":"","_kad_post_header":false,"_kad_post_footer":false,"_kad_post_classname":""},"product_brand":[],"product_cat":[7395,7419],"product_tag":[7993],"class_list":["post-23436","product","type-product","status-publish","has-post-thumbnail","product_cat-no-ficcion","product_cat-sociedad-y-politica","product_tag-sociologia","pa_autor-pinedo-federico","pa_editorial-mardulce","pa_idioma-espanol","first","instock","purchasable","product-type-simple","entry","content-bg","loop-entry"],"acf":[],"_links":{"self":[{"href":"https:\/\/ventadelibros.com.ar\/index.php?rest_route=\/wp\/v2\/product\/23436","targetHints":{"allow":["GET"]}}],"collection":[{"href":"https:\/\/ventadelibros.com.ar\/index.php?rest_route=\/wp\/v2\/product"}],"about":[{"href":"https:\/\/ventadelibros.com.ar\/index.php?rest_route=\/wp\/v2\/types\/product"}],"wp:featuredmedia":[{"embeddable":true,"href":"https:\/\/ventadelibros.com.ar\/index.php?rest_route=\/wp\/v2\/media\/23437"}],"wp:attachment":[{"href":"https:\/\/ventadelibros.com.ar\/index.php?rest_route=%2Fwp%2Fv2%2Fmedia&parent=23436"}],"wp:term":[{"taxonomy":"product_brand","embeddable":true,"href":"https:\/\/ventadelibros.com.ar\/index.php?rest_route=%2Fwp%2Fv2%2Fproduct_brand&post=23436"},{"taxonomy":"product_cat","embeddable":true,"href":"https:\/\/ventadelibros.com.ar\/index.php?rest_route=%2Fwp%2Fv2%2Fproduct_cat&post=23436"},{"taxonomy":"product_tag","embeddable":true,"href":"https:\/\/ventadelibros.com.ar\/index.php?rest_route=%2Fwp%2Fv2%2Fproduct_tag&post=23436"}],"curies":[{"name":"wp","href":"https:\/\/api.w.org\/{rel}","templated":true}]}}